{"id":100,"date":"2017-04-26T08:28:15","date_gmt":"2017-04-26T08:28:15","guid":{"rendered":"http:\/\/www.machalicka.eu\/?page_id=100"},"modified":"2024-12-26T13:25:52","modified_gmt":"2024-12-26T13:25:52","slug":"marmova-masaz","status":"publish","type":"page","link":"https:\/\/www.machalicka.eu\/?page_id=100","title":{"rendered":"MARMOV\u00c1 MAS\u00c1\u017d HLAVY"},"content":{"rendered":"<p>[et_pb_section fb_built=&#8220;1&#8243; admin_label=&#8220;section&#8220; module_id=&#8220;radek2&#8243; module_class=&#8220;gen-section-height&#8220; _builder_version=&#8220;4.15&#8243; background_image=&#8220;https:\/\/www.machalicka.eu\/wp-content\/uploads\/2017\/04\/DSC03333.jpg&#8220; transparent_background=&#8220;off&#8220; make_fullwidth=&#8220;off&#8220; use_custom_width=&#8220;off&#8220; width_unit=&#8220;on&#8220; global_colors_info=&#8220;{}&#8220;][et_pb_row module_class=&#8220;nadpis_sekce&#8220; _builder_version=&#8220;4.15&#8243; background_size=&#8220;initial&#8220; background_position=&#8220;top_left&#8220; background_repeat=&#8220;repeat&#8220; make_fullwidth=&#8220;off&#8220; use_custom_width=&#8220;off&#8220; width_unit=&#8220;on&#8220; global_colors_info=&#8220;{}&#8220;][et_pb_column type=&#8220;4_4&#8243; _builder_version=&#8220;4.15&#8243; custom_padding=&#8220;|||&#8220; global_colors_info=&#8220;{}&#8220; custom_padding__hover=&#8220;|||&#8220;][et_pb_text admin_label=&#8220;Mas\u00e1\u017ee popisy&#8220; _builder_version=&#8220;4.15&#8243; background_size=&#8220;initial&#8220; background_position=&#8220;top_left&#8220; background_repeat=&#8220;repeat&#8220; text_orientation=&#8220;center&#8220; background_layout=&#8220;dark&#8220; module_alignment=&#8220;center&#8220; use_border_color=&#8220;off&#8220; border_color=&#8220;#ffffff&#8220; border_style=&#8220;solid&#8220; global_colors_info=&#8220;{}&#8220;]<\/p>\n<h2>MARMOV\u00c1 MAS\u00c1\u017d HLAVY A OBLI\u010cEJE<\/h2>\n<p>[\/et_pb_text][\/et_pb_column][\/et_pb_row][et_pb_row column_structure=&#8220;1_3,1_3,1_3&#8243; use_custom_gutter=&#8220;on&#8220; gutter_width=&#8220;2&#8243; admin_label=&#8220;row&#8220; _builder_version=&#8220;4.15&#8243; background_color=&#8220;rgba(0,0,0,0.53)&#8220; background_size=&#8220;initial&#8220; background_position=&#8220;top_left&#8220; background_repeat=&#8220;repeat&#8220; max_width=&#8220;80%&#8220; custom_padding=&#8220;20px|20px|0px|20px&#8220; use_custom_width=&#8220;on&#8220; width_unit=&#8220;off&#8220; global_colors_info=&#8220;{}&#8220;][et_pb_column type=&#8220;1_3&#8243; _builder_version=&#8220;4.15&#8243; custom_padding=&#8220;|||&#8220; global_colors_info=&#8220;{}&#8220; custom_padding__hover=&#8220;|||&#8220;][et_pb_text admin_label=&#8220;Marmov\u00e1 mas\u00e1\u017e&#8220; _builder_version=&#8220;4.15.1&#8243; background_size=&#8220;initial&#8220; background_position=&#8220;top_left&#8220; background_repeat=&#8220;repeat&#8220; background_layout=&#8220;dark&#8220; hover_enabled=&#8220;0&#8243; z_index_tablet=&#8220;500&#8243; use_border_color=&#8220;off&#8220; global_colors_info=&#8220;{}&#8220; sticky_enabled=&#8220;0&#8243;]<\/p>\n<h3>O MAS\u00c1\u017dI<\/h3>\n<p>Marmov\u00e1 mas\u00e1\u017e hlavy a obli\u010deje je d\u016fle\u017eitou sou\u010d\u00e1st\u00ed \u00e1jurv\u00e9dsk\u00e9 p\u00e9\u010de, p\u0159i kter\u00e9 doch\u00e1z\u00ed k dokonal\u00e9mu uvoln\u011bn\u00ed, celkov\u00e9mu zklidn\u011bn\u00ed a pos\u00edlen\u00ed organismu. P\u0159esto\u017ee se prov\u00e1d\u00ed \u010d\u00e1ste\u010dn\u011b vsed\u011b, svou \u00fa\u010dinnost\u00ed m\u016f\u017ee nahradit mas\u00e1\u017e cel\u00e9ho t\u011bla.<\/p>\n<p>V lidsk\u00e9m t\u011ble se nach\u00e1z\u00ed 107 hlavn\u00edch energetick\u00fdch bod\u016f naz\u00fdvan\u00fdch marmy, z nich\u017e nejv\u00edce se nach\u00e1z\u00ed pr\u00e1v\u011b na hlav\u011b a krku. Stimulace t\u011bchto marem spolu s aplikac\u00ed v\u00fd\u017eivn\u00e9ho oleje v\u00fdrazn\u011b zklid\u0148uje a odstra\u0148uje \u00fanavu zp\u016fsobenou ment\u00e1ln\u00edm stresem a nap\u011bt\u00edm, zlep\u0161uje koncentraci, pom\u00e1h\u00e1 proti depres\u00edm a \u00fazkostn\u00fdm stav\u016fm. Speci\u00e1ln\u00ed olej vylep\u0161uje stav poko\u017eky hlavy, vlasy jsou po pravideln\u00e9 mas\u00e1\u017ei leskl\u00e9 a vy\u017eiven\u00e9. Mas\u00e1\u017e rovn\u011b\u017e zvy\u0161uje vylu\u010dov\u00e1n\u00ed r\u016fstov\u00fdch hormon\u016f, rozvoj mozkov\u00fdch bun\u011bk a hladinu pr\u00e1nick\u00e9 energie uvnit\u0159 mozku.<\/p>\n<p>Nejlep\u0161\u00edch v\u00fdsledk\u016f je dosa\u017eeno speci\u00e1ln\u00edm olejem, kter\u00fd ale m\u016f\u017eeme po vz\u00e1jemn\u00e9 dohod\u011b vynechat.<\/p>\n<p>&nbsp;<\/p>\n<h5>DOBA O\u0160ET\u0158EN\u00cd: cca 45 min.<\/h5>\n<p>&nbsp;<\/p>\n<h5>CENA: 600,-K\u010d<strong>\u00a0<\/strong><\/h5>\n<h3>\u00a0<\/h3>\n<p>&nbsp;<\/p>\n<p>[\/et_pb_text][\/et_pb_column][et_pb_column type=&#8220;1_3&#8243; _builder_version=&#8220;4.15&#8243; custom_padding=&#8220;|||&#8220; global_colors_info=&#8220;{}&#8220; custom_padding__hover=&#8220;|||&#8220;][et_pb_text admin_label=&#8220;\u00da\u010dinky&#8220; _builder_version=&#8220;4.15&#8243; background_size=&#8220;initial&#8220; background_position=&#8220;top_left&#8220; background_repeat=&#8220;repeat&#8220; background_layout=&#8220;dark&#8220; z_index_tablet=&#8220;500&#8243; use_border_color=&#8220;off&#8220; global_colors_info=&#8220;{}&#8220;]<\/p>\n<h3>\u00da\u010cINKY<\/h3>\n<ul>\n<li>Povzbuzen\u00ed du\u0161evn\u00ed a smyslov\u00e9 \u010dinnosti<\/li>\n<li>\u00daleva od bolest\u00ed hlavy a nap\u011bt\u00ed<\/li>\n<li>Odstran\u011bn\u00ed \u00fanavy<\/li>\n<li>Zlep\u0161en\u00ed zraku a sluchu<\/li>\n<li>\u00daleva od bolesti kr\u010dn\u00ed p\u00e1te\u0159e<\/li>\n<li>Pos\u00edlen\u00ed mozkov\u00e9 \u010dinnosti<\/li>\n<li>Zlep\u0161en\u00ed pam\u011bti a koncentrace<\/li>\n<li>Povzbuzen\u00ed nervov\u00e9ho syst\u00e9mu<\/li>\n<li>V\u00fd\u017eiva a pos\u00edlen\u00ed vlas\u016f a vlasov\u00e9 poko\u017eky<\/li>\n<li>Podpora imunitn\u00edho syst\u00e9mu<\/li>\n<li>Celkov\u00e9 zklidn\u011bn\u00ed organismu<\/li>\n<\/ul>\n<h3>\u00a0<\/h3>\n<p>[\/et_pb_text][\/et_pb_column][et_pb_column type=&#8220;1_3&#8243; _builder_version=&#8220;4.15&#8243; custom_padding=&#8220;|||&#8220; global_colors_info=&#8220;{}&#8220; custom_padding__hover=&#8220;|||&#8220;][et_pb_text admin_label=&#8220;Kontraindikace&#8220; _builder_version=&#8220;4.15&#8243; background_size=&#8220;initial&#8220; background_position=&#8220;top_left&#8220; background_repeat=&#8220;repeat&#8220; background_layout=&#8220;dark&#8220; z_index_tablet=&#8220;500&#8243; use_border_color=&#8220;off&#8220; global_colors_info=&#8220;{}&#8220;]<\/p>\n<h3>KONTRAINDIKACE<\/h3>\n<p>Kdy si Marmovou mas\u00e1\u017e hlavy a obli\u010deje odep\u0159\u00edt:<\/p>\n<ul>\n<li>Infek\u010dn\u00ed a z\u00e1n\u011btliv\u00e1 onemocn\u011bn\u00ed<\/li>\n<li>Ko\u017en\u00ed infekce<\/li>\n<li>V\u00fdrazn\u011b n\u00edzk\u00fd \/ vysok\u00fd tlak<\/li>\n<li>Onkologick\u00e1 onemocn\u011bn\u00ed<\/li>\n<li>Epilepsie<\/li>\n<\/ul>\n<p>\u00a0<\/p>\n<p>[\/et_pb_text][\/et_pb_column][\/et_pb_row][\/et_pb_section][et_pb_section fb_built=&#8220;1&#8243; admin_label=&#8220;section&#8220; module_id=&#8220;kontakt&#8220; module_class=&#8220;gen-section-height&#8220; _builder_version=&#8220;4.15&#8243; background_image=&#8220;https:\/\/www.machalicka.eu\/wp-content\/uploads\/2017\/04\/kontakt-back-01.jpg&#8220; global_module=&#8220;227&#8243; global_colors_info=&#8220;{}&#8220;][et_pb_row _builder_version=&#8220;4.15&#8243; background_size=&#8220;initial&#8220; background_position=&#8220;top_left&#8220; background_repeat=&#8220;repeat&#8220; global_colors_info=&#8220;{}&#8220;][et_pb_column type=&#8220;4_4&#8243; _builder_version=&#8220;4.15&#8243; custom_padding=&#8220;|||&#8220; global_colors_info=&#8220;{}&#8220; custom_padding__hover=&#8220;|||&#8220;][et_pb_text _builder_version=&#8220;4.15&#8243; text_orientation=&#8220;center&#8220; background_layout=&#8220;dark&#8220; global_colors_info=&#8220;{}&#8220;]<\/p>\n<h1>KONTAKT<\/h1>\n<p>[\/et_pb_text][\/et_pb_column][\/et_pb_row][et_pb_row column_structure=&#8220;2_3,1_3&#8243; use_custom_gutter=&#8220;on&#8220; gutter_width=&#8220;2&#8243; make_equal=&#8220;on&#8220; _builder_version=&#8220;4.15&#8243; background_color=&#8220;rgba(0,0,0,0.53)&#8220; background_size=&#8220;initial&#8220; background_position=&#8220;top_left&#8220; background_repeat=&#8220;repeat&#8220; max_width=&#8220;80%&#8220; custom_padding=&#8220;20px|20px|14px|20px&#8220; use_custom_width=&#8220;on&#8220; width_unit=&#8220;off&#8220; global_colors_info=&#8220;{}&#8220;][et_pb_column type=&#8220;2_3&#8243; _builder_version=&#8220;4.15&#8243; custom_padding=&#8220;|||&#8220; global_colors_info=&#8220;{}&#8220; custom_padding__hover=&#8220;|||&#8220;][et_pb_text disabled_on=&#8220;off|off|off&#8220; admin_label=&#8220;Text&#8220; module_class=&#8220;profil&#8220; _builder_version=&#8220;4.15.1&#8243; background_layout=&#8220;dark&#8220; custom_margin=&#8220;10px|||&#8220; z_index_tablet=&#8220;500&#8243; use_border_color=&#8220;off&#8220; global_colors_info=&#8220;{}&#8220;]<\/p>\n<p>&nbsp;<\/p>\n<p>&nbsp;<\/p>\n<div class=\"et_pb_module et-waypoint et_pb_image et_pb_animation_off et_pb_image_1 et_always_center_on_mobile et-animated align_left\">\u00a0<\/div>\n<h3 style=\"text-align: left;\">OBJEDN\u00c1N\u00cd:<\/h3>\n<p>Provozn\u00ed doba je odvozena podle objedn\u00e1vek, oby\u010dejn\u011b <strong>PO, \u00daT, \u010cT a P\u00c1 9:30 &#8211; 17.30<\/strong>. V\u00edkendy a sv\u00e1tky si nech\u00e1v\u00e1m pro sebe.<\/p>\n<p><strong>Na mas\u00e1\u017ee se pros\u00edm objedn\u00e1vejte p\u0159edem, ide\u00e1ln\u011b telefonicky. <\/strong>Pokud nezved\u00e1m telefon, ozvu se v\u00e1m zp\u011bt, jakmile budu na p\u0159\u00edjmu.<br \/>Pro va\u0161e pohodl\u00ed m\u016f\u017eete vyu\u017e\u00edt i zelen\u00e9 tla\u010d\u00edtko rezerva\u010dn\u00edho syst\u00e9mu.<\/p>\n<p><strong>Na mas\u00e1\u017e p\u0159ij\u010fte pros\u00edm v\u010das.<\/strong> <strong>Pokud nem\u016f\u017eete p\u0159ij\u00edt, informujte mne o tom pros\u00edm co nejd\u0159\u00edve na \u010d\u00edsle +420 606 460 590.<br \/><\/strong>V opa\u010dn\u00e9m p\u0159\u00edpad\u011b \u00fa\u010dtuji storno 100%.<\/p>\n<p>&nbsp;<\/p>\n<p>[\/et_pb_text][\/et_pb_column][et_pb_column type=&#8220;1_3&#8243; _builder_version=&#8220;4.15&#8243; custom_padding=&#8220;|||&#8220; global_colors_info=&#8220;{}&#8220; custom_padding__hover=&#8220;|||&#8220;][et_pb_text _builder_version=&#8220;4.15&#8243; background_size=&#8220;initial&#8220; background_position=&#8220;top_left&#8220; background_repeat=&#8220;repeat&#8220; background_layout=&#8220;dark&#8220; custom_margin=&#8220;10px|||&#8220; z_index_tablet=&#8220;500&#8243; use_border_color=&#8220;off&#8220; global_colors_info=&#8220;{}&#8220;]<\/p>\n<p>\u00a0<\/p>\n<p>\u00a0<\/p>\n<h3>KONTAKT:<\/h3>\n<p>Jitka Machalick\u00e1<br \/>\u0160ultysova 153, Kutn\u00e1 Hora<br \/>Telefon: +420\u00a0606 460 590<br \/>e-mail: jitka@machalicka.eu<br \/>I\u010cO: 629 52 463, M\u011b\u00da Kutn\u00e1 Hora<\/p>\n<p>\u00a0<\/p>\n<p>[\/et_pb_text][et_pb_code module_id=&#8220;rezervovat-cas&#8220; _builder_version=&#8220;4.15&#8243; global_colors_info=&#8220;{}&#8220;]<!-- inserted reservanto code --><!-- [et_pb_line_break_holder] --><\/p>\n<div class=\"reservanto-widget\" data-text=\"Rezervovat\" data-id=\"16241\" data-color-text=\"#ffffff\" data-color-text-shadow=\"#078185\" data-color-bg=\"#0ac1cb\" data-color-bg-hover=\"#13cbd1\" data-color-boxshadow=\"#078185\" ><\/div>\n<p><!-- [et_pb_line_break_holder] --><script id=\"reservanto-widget-script\" type=\"text\/javascript\" src=\"https:\/\/booking.reservanto.cz\/Script\/reservanto-script.js?id=16241&#038;noAction=true\"><\/script><!-- [et_pb_line_break_holder] --><!-- end of inserted reservanto code -->[\/et_pb_code][et_pb_map address=&#8220;\u0160ultysova 153\/1, Vnit\u0159n\u00ed M\u011bsto, 284 01 Kutn\u00e1 Hora, \u010cesko&#8220; address_lat=&#8220;49.94928220000003&#8243; address_lng=&#8220;15.26673640000003&#8243; use_grayscale_filter=&#8220;on&#8220; grayscale_filter_amount=&#8220;26&#8243; _builder_version=&#8220;4.15&#8243; child_filter_saturate=&#8220;74%&#8220; global_colors_info=&#8220;{}&#8220;][et_pb_map_pin title=&#8220;Ajurv\u00e9dsk\u00e9 mas\u00e1\u017ee, Jitka Machalick\u00e1&#8220; pin_address=&#8220;\u0160ultysova 153\/1, Vnit\u0159n\u00ed M\u011bsto, 284 01 Kutn\u00e1 Hora, \u010cesko&#8220; pin_address_lat=&#8220;49.949323621794434&#8243; pin_address_lng=&#8220;15.266771268717207&#8243; _builder_version=&#8220;3.0.47&#8243; global_colors_info=&#8220;{}&#8220;][\/et_pb_map_pin][\/et_pb_map][et_pb_code disabled_on=&#8220;on|off|off&#8220; module_id=&#8220;rezervovat-cas&#8220; _builder_version=&#8220;4.15&#8243; positioning=&#8220;fixed&#8220; position_origin_f=&#8220;top_right&#8220; vertical_offset=&#8220;80px&#8220; horizontal_offset=&#8220;22px&#8220; animation_style=&#8220;slide&#8220; animation_direction=&#8220;right&#8220; animation_duration=&#8220;500ms&#8220; global_colors_info=&#8220;{}&#8220;]<!-- inserted reservanto code --><!-- [et_pb_line_break_holder] --><\/p>\n<div class=\"reservanto-widget\" data-text=\"Rezervovat\" data-id=\"16241\" data-color-text=\"#ffffff\" data-color-text-shadow=\"#078185\" data-color-bg=\"#0ac1cb\" data-color-bg-hover=\"#13cbd1\" data-color-boxshadow=\"#078185\" ><\/div>\n<p><!-- [et_pb_line_break_holder] --><script id=\"reservanto-widget-script\" type=\"text\/javascript\" src=\"https:\/\/booking.reservanto.cz\/Script\/reservanto-script.js?id=16241&#038;noAction=true\"><\/script><!-- [et_pb_line_break_holder] --><!-- end of inserted reservanto code -->[\/et_pb_code][\/et_pb_column][\/et_pb_row][\/et_pb_section]<\/p>\n","protected":false},"excerpt":{"rendered":"<p>MARMOV\u00c1 MAS\u00c1\u017d HLAVY A OBLI\u010cEJE O MAS\u00c1\u017dI Marmov\u00e1 mas\u00e1\u017e hlavy a obli\u010deje je d\u016fle\u017eitou sou\u010d\u00e1st\u00ed \u00e1jurv\u00e9dsk\u00e9 p\u00e9\u010de, p\u0159i kter\u00e9 doch\u00e1z\u00ed k dokonal\u00e9mu uvoln\u011bn\u00ed, celkov\u00e9mu zklidn\u011bn\u00ed a pos\u00edlen\u00ed organismu. P\u0159esto\u017ee se prov\u00e1d\u00ed \u010d\u00e1ste\u010dn\u011b vsed\u011b, svou \u00fa\u010dinnost\u00ed m\u016f\u017ee nahradit mas\u00e1\u017e cel\u00e9ho t\u011bla. V lidsk\u00e9m t\u011ble se nach\u00e1z\u00ed 107 hlavn\u00edch energetick\u00fdch bod\u016f naz\u00fdvan\u00fdch marmy, z nich\u017e nejv\u00edce se [&hellip;]<\/p>\n","protected":false},"author":2,"featured_media":0,"parent":0,"menu_order":0,"comment_status":"closed","ping_status":"closed","template":"","meta":{"_et_pb_use_builder":"on","_et_pb_old_content":"<h3>Ajurv\u00e9dsk\u00e1 marmov\u00e1 mas\u00e1\u017e hlavy a obli\u010deje<\/h3><p>Marmov\u00e1 mas\u00e1\u017e hlavy a obli\u010deje je d\u016fle\u017eitou sou\u010d\u00e1st\u00ed ajurv\u00e9dsk\u00e9 p\u00e9\u010de, p\u0159i kter\u00e9 doch\u00e1z\u00ed k\u00a0dokonal\u00e9mu uvoln\u011bn\u00ed, celkov\u00e9mu zklidn\u011bn\u00ed a pos\u00edlen\u00ed organismu. P\u0159esto\u017ee se prov\u00e1d\u00ed vsed\u011b, svou \u00fa\u010dinnost\u00ed m\u016f\u017ee nahradit mas\u00e1\u017e cel\u00e9ho t\u011bla.<\/p><p>Hlava je centrem nervov\u00e9ho syst\u00e9mu, kter\u00fd stimulace marmov\u00fdch bod\u016f spolu s aplikac\u00ed v\u00fd\u017eivn\u00e9ho oleje v\u00fdrazn\u011b zklid\u0148uje, odstra\u0148uje tak \u00fanavu zp\u016fsobenou ment\u00e1ln\u00edm stresem a nap\u011bt\u00edm.\u00a0 Speci\u00e1ln\u00ed olej je vst\u0159eb\u00e1v\u00e1n vlasov\u00fdmi ko\u0159\u00ednky spojen\u00fdmi s\u00a0nervov\u00fdmi vl\u00e1kny, kter\u00e9 vedou p\u0159\u00edmo k\u00a0mozku. Stimulace zvy\u0161uje p\u0159\u00edsun \u010derstv\u00e9ho kysl\u00edku do mozku a zlep\u0161uje ob\u011bh mozkom\u00ed\u0161n\u00edho moku, \u010d\u00edm\u017e mozek zklid\u0148uje a posiluje. Mas\u00e1\u017e rovn\u011b\u017e zvy\u0161uje vylu\u010dov\u00e1n\u00ed r\u016fstov\u00fdch hormon\u016f, rozvoj mozkov\u00fdch bun\u011bk a hladinu pr\u00e1nick\u00e9 energie uvnit\u0159 mozku. Vy\u017eivuje vlasovou poko\u017eku, zpomaluje vypad\u00e1v\u00e1n\u00ed vlas\u016f, p\u0159ed\u010dasn\u00e9 ple\u0161at\u011bn\u00ed a \u0161ediv\u011bn\u00ed.<\/p><h3>\u00da\u010dinky:<\/h3><ul><li>Povzbuzen\u00ed du\u0161evn\u00ed a smyslov\u00e9 \u010dinnosti<\/li><li>\u00daleva od bolest\u00ed hlavy<\/li><li>Zlep\u0161en\u00ed zraku a koncentrace<\/li><li>Pos\u00edlen\u00ed mozkov\u00e9 \u010dinnosti<\/li><li>Zv\u00fd\u0161en\u00ed pr\u00e1nick\u00e9 energie uvnit\u0159 mozku<\/li><li>Uvoln\u011bn\u00ed nervov\u00e9ho syst\u00e9mu<\/li><li>Odstran\u011bn\u00ed \u00fanavy<\/li><li>Zlep\u0161en\u00ed pam\u011bti<\/li><li>V\u00fd\u017eiva a pos\u00edlen\u00ed vlas\u016f a vlasov\u00e9 poko\u017eky<\/li><li>Podpora imunitn\u00edho syst\u00e9mu<\/li><li>Celkov\u00e9 zklidn\u011bn\u00ed organismu<\/li><\/ul><h3>Kontraindikace aneb kdy si Marmovou mas\u00e1\u017e hlavy a obli\u010deje odep\u0159\u00edt:<\/h3><ul><li>Infek\u010dn\u00ed a z\u00e1n\u011btliv\u00e1 onemocn\u011bn\u00ed<\/li><li>Onkologick\u00e1 onemocn\u011bn\u00ed<\/li><li>Bezprost\u0159edn\u011b po j\u00eddle<\/li><\/ul><p>Doba o\u0161et\u0159en\u00ed: 45 min.<\/p><p>Cena: 490,-K\u010d<strong>\u00a0<\/strong><\/p><h3>Marmy<\/h3><p>V\u00a0lidsk\u00e9m t\u011ble se nach\u00e1z\u00ed 107 hlavn\u00edch energetick\u00fdch bod\u016f naz\u00fdvan\u00fdch marmy, z\u00a0nich\u017e nejv\u00edce se nach\u00e1z\u00ed pr\u00e1v\u011b na hlav\u011b a krku. Jsou to uzlov\u00e9 body, k\u0159i\u017eovatky, v\u00a0nich\u017e se setk\u00e1v\u00e1 energie t\u011bla a mysli. Na t\u011bchto spoj\u00edch vstupuj\u00ed do organismu nervy, lymfa, tepny a \u017e\u00edly, kter\u00e9 p\u0159en\u00e1\u0161ej\u00ed v\u00fd\u017eivn\u00e9 l\u00e1tky a vlhkost do sval\u016f, vaz\u016f, kost\u00ed a kloub\u016f.\u00a0 Podn\u011bcov\u00e1n\u00edm t\u011bchto bod\u016f, nap\u0159. tlakovou mas\u00e1\u017e\u00ed nebo cvi\u010den\u00edm, dos\u00e1hneme rovnov\u00e1hy v\u00a0cel\u00e9m t\u011ble, blokovan\u00e9 marmy se uvoln\u00ed a poskytnou fyzickou a psychologickou relaxaci a s\u00edlu.<\/p>","_et_gb_content_width":"","_mi_skip_tracking":false},"_links":{"self":[{"href":"https:\/\/www.machalicka.eu\/index.php?rest_route=\/wp\/v2\/pages\/100"}],"collection":[{"href":"https:\/\/www.machalicka.eu\/index.php?rest_route=\/wp\/v2\/pages"}],"about":[{"href":"https:\/\/www.machalicka.eu\/index.php?rest_route=\/wp\/v2\/types\/page"}],"author":[{"embeddable":true,"href":"https:\/\/www.machalicka.eu\/index.php?rest_route=\/wp\/v2\/users\/2"}],"replies":[{"embeddable":true,"href":"https:\/\/www.machalicka.eu\/index.php?rest_route=%2Fwp%2Fv2%2Fcomments&post=100"}],"version-history":[{"count":14,"href":"https:\/\/www.machalicka.eu\/index.php?rest_route=\/wp\/v2\/pages\/100\/revisions"}],"predecessor-version":[{"id":1606,"href":"https:\/\/www.machalicka.eu\/index.php?rest_route=\/wp\/v2\/pages\/100\/revisions\/1606"}],"wp:attachment":[{"href":"https:\/\/www.machalicka.eu\/index.php?rest_route=%2Fwp%2Fv2%2Fmedia&parent=100"}],"curies":[{"name":"wp","href":"https:\/\/api.w.org\/{rel}","templated":true}]}}