{"id":482,"date":"2017-04-28T18:48:55","date_gmt":"2017-04-28T18:48:55","guid":{"rendered":"http:\/\/www.machalicka.eu\/?page_id=482"},"modified":"2025-11-12T16:45:20","modified_gmt":"2025-11-12T16:45:20","slug":"ajurvedska-masaz-zad-sije","status":"publish","type":"page","link":"https:\/\/www.machalicka.eu\/?page_id=482","title":{"rendered":"AJURV\u00c9DSK\u00c1 MAS\u00c1\u017d ZAD A \u0160\u00cdJE"},"content":{"rendered":"<p>[et_pb_section fb_built=&#8220;1&#8243; admin_label=&#8220;section&#8220; module_id=&#8220;radek2&#8243; module_class=&#8220;gen-section-height&#8220; _builder_version=&#8220;4.15&#8243; background_image=&#8220;https:\/\/www.machalicka.eu\/wp-content\/uploads\/2017\/04\/DSC03341.jpg&#8220; transparent_background=&#8220;off&#8220; make_fullwidth=&#8220;off&#8220; use_custom_width=&#8220;off&#8220; width_unit=&#8220;on&#8220; global_colors_info=&#8220;{}&#8220;][et_pb_row module_class=&#8220;nadpis_sekce&#8220; _builder_version=&#8220;4.15&#8243; background_size=&#8220;initial&#8220; background_position=&#8220;top_left&#8220; background_repeat=&#8220;repeat&#8220; make_fullwidth=&#8220;off&#8220; use_custom_width=&#8220;off&#8220; width_unit=&#8220;on&#8220; global_colors_info=&#8220;{}&#8220;][et_pb_column type=&#8220;4_4&#8243; _builder_version=&#8220;4.15&#8243; custom_padding=&#8220;|||&#8220; global_colors_info=&#8220;{}&#8220; custom_padding__hover=&#8220;|||&#8220;][et_pb_text admin_label=&#8220;Mas\u00e1\u017ee popisy&#8220; _builder_version=&#8220;4.15&#8243; background_size=&#8220;initial&#8220; background_position=&#8220;top_left&#8220; background_repeat=&#8220;repeat&#8220; text_orientation=&#8220;center&#8220; background_layout=&#8220;dark&#8220; module_alignment=&#8220;center&#8220; use_border_color=&#8220;off&#8220; global_colors_info=&#8220;{}&#8220;]<\/p>\n<h2>\u00c1JURV\u00c9DSK\u00c1 MAS\u00c1\u017d ZAD A \u0160\u00cdJE<\/h2>\n<p>[\/et_pb_text][\/et_pb_column][\/et_pb_row][et_pb_row column_structure=&#8220;1_3,1_3,1_3&#8243; use_custom_gutter=&#8220;on&#8220; gutter_width=&#8220;2&#8243; admin_label=&#8220;row&#8220; _builder_version=&#8220;4.15&#8243; background_color=&#8220;rgba(0,0,0,0.53)&#8220; background_size=&#8220;initial&#8220; background_position=&#8220;top_left&#8220; background_repeat=&#8220;repeat&#8220; max_width=&#8220;80%&#8220; custom_padding=&#8220;20px|20px|0px|20px&#8220; use_custom_width=&#8220;on&#8220; width_unit=&#8220;off&#8220; global_colors_info=&#8220;{}&#8220;][et_pb_column type=&#8220;1_3&#8243; _builder_version=&#8220;4.15&#8243; custom_padding=&#8220;|||&#8220; global_colors_info=&#8220;{}&#8220; custom_padding__hover=&#8220;|||&#8220;][et_pb_text admin_label=&#8220;about&#8220; _builder_version=&#8220;4.15.1&#8243; background_size=&#8220;initial&#8220; background_position=&#8220;top_left&#8220; background_repeat=&#8220;repeat&#8220; background_layout=&#8220;dark&#8220; hover_enabled=&#8220;0&#8243; z_index_tablet=&#8220;500&#8243; border_color_all=&#8220;#ffffff&#8220; use_border_color=&#8220;off&#8220; global_colors_info=&#8220;{}&#8220; sticky_enabled=&#8220;0&#8243;]<\/p>\n<h3>O MAS\u00c1\u017dI<\/h3>\n<p>Z\u00e1da jsou velmi d\u016fle\u017eitou sou\u010d\u00e1st\u00ed t\u011bla, kterou se p\u0159en\u00e1\u0161ej\u00ed sign\u00e1ly z mozku do org\u00e1n\u016f cel\u00e9ho t\u011bla. Svaly zad dr\u017e\u00ed p\u00e1te\u0159, pom\u00e1haj\u00ed kon\u010detin\u00e1m a jsou oporou pro centr\u00e1ln\u00ed nervovou soustavu.<br \/>\u00c1jurv\u00e9dsk\u00e1 mas\u00e1\u017e z\u00e1dov\u00fdch a \u0161\u00edjov\u00fdch sval\u016f pom\u00e1h\u00e1 uv\u00e9st p\u00e1te\u0159 do spr\u00e1vn\u00e9ho tvaru, uvol\u0148uje zatuhl\u00e9 svaly, odstra\u0148uje bolesti kr\u010dn\u00ed p\u00e1te\u0159e a s t\u00edm spojen\u00e9 bolesti hlavy a \u00fazkosti, posiluje nervov\u00fd syst\u00e9m a p\u0159isp\u00edv\u00e1 ke spr\u00e1vn\u00e9mu proud\u011bn\u00ed krve a mozkom\u00ed\u0161n\u00edho moku. Stimulace energetick\u00fdch bod\u016f &#8211; tzv. marem &#8211; podporuje proud\u011bn\u00ed v\u00fd\u017eivn\u00fdch l\u00e1tek a vlhkosti do sval\u016f, vaz\u016f, kost\u00ed a kloub\u016f.<br \/>Mas\u00e1\u017e zad a \u0161\u00edje celkov\u011b osv\u011b\u017euje a navozuje p\u0159\u00edjemn\u00fd pocit lehkosti a klidu.<\/p>\n<p>K mas\u00e1\u017ei zad si m\u016f\u017eete dop\u0159\u00e1t nav\u00edc i mas\u00e1\u017e zadn\u00ed \u010d\u00e1sti nohou.<\/p>\n<p>&nbsp;<\/p>\n<h5>DOBA O\u0160ET\u0158EN\u00cd ZAD A \u0160\u00cdJE:\u00a0 cca 45 min<\/h5>\n<h5>\u00a0<\/h5>\n<h5>CENA:\u00a0 650,-K\u010d<\/h5>\n<p>&nbsp;<\/p>\n<h5>DOBA O\u0160ET\u0158EN\u00cd ZAD A NOHOU: cca 60 min<\/h5>\n<p>&nbsp;<\/p>\n<h5>CENA: 900,-K\u010d<\/h5>\n<p>[\/et_pb_text][\/et_pb_column][et_pb_column type=&#8220;1_3&#8243; _builder_version=&#8220;4.15&#8243; custom_padding=&#8220;|||&#8220; global_colors_info=&#8220;{}&#8220; custom_padding__hover=&#8220;|||&#8220;][et_pb_text admin_label=&#8220;UCINKY&#8220; _builder_version=&#8220;4.15.1&#8243; background_size=&#8220;initial&#8220; background_position=&#8220;top_left&#8220; background_repeat=&#8220;repeat&#8220; background_layout=&#8220;dark&#8220; hover_enabled=&#8220;0&#8243; border_color_all=&#8220;#ffffff&#8220; use_border_color=&#8220;off&#8220; border_color=&#8220;#ffffff&#8220; border_style=&#8220;solid&#8220; global_colors_info=&#8220;{}&#8220; sticky_enabled=&#8220;0&#8243;]<\/p>\n<h3>\u00da\u010cINKY<\/h3>\n<ul>\n<li>Uvoln\u011bn\u00ed z\u00e1dov\u00fdch a \u0161\u00edjov\u00fdch sval\u016f<\/li>\n<li>Pos\u00edlen\u00ed nervov\u00e9ho syst\u00e9mu<\/li>\n<li>\u00daleva od bolesti zad a hlavy<\/li>\n<li>Zm\u00edrn\u011bn\u00ed brn\u011bn\u00ed rukou<\/li>\n<li>Odstran\u011bn\u00ed \u00fanavy<\/li>\n<li>Stimulace marmov\u00fdch bod\u016f a \u010daker<\/li>\n<li>Zklidn\u011bn\u00ed organismu<\/li>\n<li>Navozen\u00ed du\u0161evn\u00edho klidu<\/li>\n<\/ul>\n<p>[\/et_pb_text][\/et_pb_column][et_pb_column type=&#8220;1_3&#8243; _builder_version=&#8220;4.15&#8243; custom_padding=&#8220;|||&#8220; global_colors_info=&#8220;{}&#8220; custom_padding__hover=&#8220;|||&#8220;][et_pb_text admin_label=&#8220;KONTRAINDIKACE&#8220; _builder_version=&#8220;4.15.1&#8243; background_size=&#8220;initial&#8220; background_position=&#8220;top_left&#8220; background_repeat=&#8220;repeat&#8220; background_layout=&#8220;dark&#8220; hover_enabled=&#8220;0&#8243; use_border_color=&#8220;off&#8220; global_colors_info=&#8220;{}&#8220; sticky_enabled=&#8220;0&#8243;]<\/p>\n<h3>KONTRAINDIKACE<\/h3>\n<p>Kdy si \u00c1jurv\u00e9dskou mas\u00e1\u017e zad a \u0161\u00edje odep\u0159\u00edt:<\/p>\n<ul>\n<li>Infek\u010dn\u00ed a z\u00e1n\u011btliv\u00e1 onemocn\u011bn\u00ed<\/li>\n<li>P\u0159i poran\u011bn\u00ed nebo t\u011bsn\u011b po operaci<\/li>\n<li>Ko\u017en\u00ed infekce<\/li>\n<li>Lup\u00e9nka<\/li>\n<li>Onkologick\u00e1 onemocn\u011bn\u00ed<\/li>\n<li>Epilepsie<\/li>\n<li>T\u011bhotenstv\u00ed<\/li>\n<\/ul>\n<p>[\/et_pb_text][\/et_pb_column][\/et_pb_row][\/et_pb_section][et_pb_section fb_built=&#8220;1&#8243; admin_label=&#8220;section&#8220; module_id=&#8220;kontakt&#8220; module_class=&#8220;gen-section-height&#8220; _builder_version=&#8220;4.15&#8243; background_image=&#8220;https:\/\/www.machalicka.eu\/wp-content\/uploads\/2017\/04\/kontakt-back-01.jpg&#8220; global_module=&#8220;227&#8243; global_colors_info=&#8220;{}&#8220;][et_pb_row _builder_version=&#8220;4.15&#8243; background_size=&#8220;initial&#8220; background_position=&#8220;top_left&#8220; background_repeat=&#8220;repeat&#8220; global_colors_info=&#8220;{}&#8220;][et_pb_column type=&#8220;4_4&#8243; _builder_version=&#8220;4.15&#8243; custom_padding=&#8220;|||&#8220; global_colors_info=&#8220;{}&#8220; custom_padding__hover=&#8220;|||&#8220;][et_pb_text _builder_version=&#8220;4.15&#8243; text_orientation=&#8220;center&#8220; background_layout=&#8220;dark&#8220; global_colors_info=&#8220;{}&#8220;]<\/p>\n<h1>KONTAKT<\/h1>\n<p>[\/et_pb_text][\/et_pb_column][\/et_pb_row][et_pb_row column_structure=&#8220;2_3,1_3&#8243; use_custom_gutter=&#8220;on&#8220; gutter_width=&#8220;2&#8243; make_equal=&#8220;on&#8220; _builder_version=&#8220;4.15&#8243; background_color=&#8220;rgba(0,0,0,0.53)&#8220; background_size=&#8220;initial&#8220; background_position=&#8220;top_left&#8220; background_repeat=&#8220;repeat&#8220; max_width=&#8220;80%&#8220; custom_padding=&#8220;20px|20px|14px|20px&#8220; use_custom_width=&#8220;on&#8220; width_unit=&#8220;off&#8220; global_colors_info=&#8220;{}&#8220;][et_pb_column type=&#8220;2_3&#8243; _builder_version=&#8220;4.15&#8243; custom_padding=&#8220;|||&#8220; global_colors_info=&#8220;{}&#8220; custom_padding__hover=&#8220;|||&#8220;][et_pb_text disabled_on=&#8220;off|off|off&#8220; admin_label=&#8220;Text&#8220; module_class=&#8220;profil&#8220; _builder_version=&#8220;4.15.1&#8243; background_layout=&#8220;dark&#8220; custom_margin=&#8220;10px|||&#8220; z_index_tablet=&#8220;500&#8243; use_border_color=&#8220;off&#8220; global_colors_info=&#8220;{}&#8220;]<\/p>\n<p>&nbsp;<\/p>\n<p>&nbsp;<\/p>\n<div class=\"et_pb_module et-waypoint et_pb_image et_pb_animation_off et_pb_image_1 et_always_center_on_mobile et-animated align_left\">\u00a0<\/div>\n<h3 style=\"text-align: left;\">OBJEDN\u00c1N\u00cd:<\/h3>\n<p>Provozn\u00ed doba je odvozena podle objedn\u00e1vek, oby\u010dejn\u011b <strong>PO, \u00daT, \u010cT a P\u00c1 9:30 &#8211; 17.30<\/strong>. V\u00edkendy a sv\u00e1tky si nech\u00e1v\u00e1m pro sebe.<\/p>\n<p><strong>Na mas\u00e1\u017ee se pros\u00edm objedn\u00e1vejte p\u0159edem, ide\u00e1ln\u011b telefonicky. <\/strong>Pokud nezved\u00e1m telefon, ozvu se v\u00e1m zp\u011bt, jakmile budu na p\u0159\u00edjmu.<br \/>Pro va\u0161e pohodl\u00ed m\u016f\u017eete vyu\u017e\u00edt i zelen\u00e9 tla\u010d\u00edtko rezerva\u010dn\u00edho syst\u00e9mu.<\/p>\n<p><strong>Na mas\u00e1\u017e p\u0159ij\u010fte pros\u00edm v\u010das.<\/strong> <strong>Pokud nem\u016f\u017eete p\u0159ij\u00edt, informujte mne o tom pros\u00edm co nejd\u0159\u00edve na \u010d\u00edsle +420 606 460 590.<br \/><\/strong>V opa\u010dn\u00e9m p\u0159\u00edpad\u011b \u00fa\u010dtuji storno 100%.<\/p>\n<p>&nbsp;<\/p>\n<p>[\/et_pb_text][\/et_pb_column][et_pb_column type=&#8220;1_3&#8243; _builder_version=&#8220;4.15&#8243; custom_padding=&#8220;|||&#8220; global_colors_info=&#8220;{}&#8220; custom_padding__hover=&#8220;|||&#8220;][et_pb_text _builder_version=&#8220;4.15&#8243; background_size=&#8220;initial&#8220; background_position=&#8220;top_left&#8220; background_repeat=&#8220;repeat&#8220; background_layout=&#8220;dark&#8220; custom_margin=&#8220;10px|||&#8220; z_index_tablet=&#8220;500&#8243; use_border_color=&#8220;off&#8220; global_colors_info=&#8220;{}&#8220;]<\/p>\n<p>\u00a0<\/p>\n<p>\u00a0<\/p>\n<h3>KONTAKT:<\/h3>\n<p>Jitka Machalick\u00e1<br \/>\u0160ultysova 153, Kutn\u00e1 Hora<br \/>Telefon: +420\u00a0606 460 590<br \/>e-mail: jitka@machalicka.eu<br \/>I\u010cO: 629 52 463, M\u011b\u00da Kutn\u00e1 Hora<\/p>\n<p>\u00a0<\/p>\n<p>[\/et_pb_text][et_pb_code module_id=&#8220;rezervovat-cas&#8220; _builder_version=&#8220;4.15&#8243; global_colors_info=&#8220;{}&#8220;]<!-- inserted reservanto code --><!-- [et_pb_line_break_holder] --><\/p>\n<div class=\"reservanto-widget\" data-text=\"Rezervovat\" data-id=\"16241\" data-color-text=\"#ffffff\" data-color-text-shadow=\"#078185\" data-color-bg=\"#0ac1cb\" data-color-bg-hover=\"#13cbd1\" data-color-boxshadow=\"#078185\" ><\/div>\n<p><!-- [et_pb_line_break_holder] --><script id=\"reservanto-widget-script\" type=\"text\/javascript\" src=\"https:\/\/booking.reservanto.cz\/Script\/reservanto-script.js?id=16241&#038;noAction=true\"><\/script><!-- [et_pb_line_break_holder] --><!-- end of inserted reservanto code -->[\/et_pb_code][et_pb_map address=&#8220;\u0160ultysova 153\/1, Vnit\u0159n\u00ed M\u011bsto, 284 01 Kutn\u00e1 Hora, \u010cesko&#8220; address_lat=&#8220;49.94928220000003&#8243; address_lng=&#8220;15.26673640000003&#8243; use_grayscale_filter=&#8220;on&#8220; grayscale_filter_amount=&#8220;26&#8243; _builder_version=&#8220;4.15&#8243; child_filter_saturate=&#8220;74%&#8220; global_colors_info=&#8220;{}&#8220;][et_pb_map_pin title=&#8220;Ajurv\u00e9dsk\u00e9 mas\u00e1\u017ee, Jitka Machalick\u00e1&#8220; pin_address=&#8220;\u0160ultysova 153\/1, Vnit\u0159n\u00ed M\u011bsto, 284 01 Kutn\u00e1 Hora, \u010cesko&#8220; pin_address_lat=&#8220;49.949323621794434&#8243; pin_address_lng=&#8220;15.266771268717207&#8243; _builder_version=&#8220;3.0.47&#8243; global_colors_info=&#8220;{}&#8220;][\/et_pb_map_pin][\/et_pb_map][et_pb_code disabled_on=&#8220;on|off|off&#8220; module_id=&#8220;rezervovat-cas&#8220; _builder_version=&#8220;4.15&#8243; positioning=&#8220;fixed&#8220; position_origin_f=&#8220;top_right&#8220; vertical_offset=&#8220;80px&#8220; horizontal_offset=&#8220;22px&#8220; animation_style=&#8220;slide&#8220; animation_direction=&#8220;right&#8220; animation_duration=&#8220;500ms&#8220; global_colors_info=&#8220;{}&#8220;]<!-- inserted reservanto code --><!-- [et_pb_line_break_holder] --><\/p>\n<div class=\"reservanto-widget\" data-text=\"Rezervovat\" data-id=\"16241\" data-color-text=\"#ffffff\" data-color-text-shadow=\"#078185\" data-color-bg=\"#0ac1cb\" data-color-bg-hover=\"#13cbd1\" data-color-boxshadow=\"#078185\" ><\/div>\n<p><!-- [et_pb_line_break_holder] --><script id=\"reservanto-widget-script\" type=\"text\/javascript\" src=\"https:\/\/booking.reservanto.cz\/Script\/reservanto-script.js?id=16241&#038;noAction=true\"><\/script><!-- [et_pb_line_break_holder] --><!-- end of inserted reservanto code -->[\/et_pb_code][\/et_pb_column][\/et_pb_row][\/et_pb_section]<\/p>\n","protected":false},"excerpt":{"rendered":"<p>\u00c1JURV\u00c9DSK\u00c1 MAS\u00c1\u017d ZAD A \u0160\u00cdJE O MAS\u00c1\u017dI Z\u00e1da jsou velmi d\u016fle\u017eitou sou\u010d\u00e1st\u00ed t\u011bla, kterou se p\u0159en\u00e1\u0161ej\u00ed sign\u00e1ly z mozku do org\u00e1n\u016f cel\u00e9ho t\u011bla. Svaly zad dr\u017e\u00ed p\u00e1te\u0159, pom\u00e1haj\u00ed kon\u010detin\u00e1m a jsou oporou pro centr\u00e1ln\u00ed nervovou soustavu.\u00c1jurv\u00e9dsk\u00e1 mas\u00e1\u017e z\u00e1dov\u00fdch a \u0161\u00edjov\u00fdch sval\u016f pom\u00e1h\u00e1 uv\u00e9st p\u00e1te\u0159 do spr\u00e1vn\u00e9ho tvaru, uvol\u0148uje zatuhl\u00e9 svaly, odstra\u0148uje bolesti kr\u010dn\u00ed p\u00e1te\u0159e a [&hellip;]<\/p>\n","protected":false},"author":2,"featured_media":0,"parent":0,"menu_order":0,"comment_status":"closed","ping_status":"closed","template":"","meta":{"_et_pb_use_builder":"on","_et_pb_old_content":"","_et_gb_content_width":"","_mi_skip_tracking":false},"_links":{"self":[{"href":"https:\/\/www.machalicka.eu\/index.php?rest_route=\/wp\/v2\/pages\/482"}],"collection":[{"href":"https:\/\/www.machalicka.eu\/index.php?rest_route=\/wp\/v2\/pages"}],"about":[{"href":"https:\/\/www.machalicka.eu\/index.php?rest_route=\/wp\/v2\/types\/page"}],"author":[{"embeddable":true,"href":"https:\/\/www.machalicka.eu\/index.php?rest_route=\/wp\/v2\/users\/2"}],"replies":[{"embeddable":true,"href":"https:\/\/www.machalicka.eu\/index.php?rest_route=%2Fwp%2Fv2%2Fcomments&post=482"}],"version-history":[{"count":18,"href":"https:\/\/www.machalicka.eu\/index.php?rest_route=\/wp\/v2\/pages\/482\/revisions"}],"predecessor-version":[{"id":1596,"href":"https:\/\/www.machalicka.eu\/index.php?rest_route=\/wp\/v2\/pages\/482\/revisions\/1596"}],"wp:attachment":[{"href":"https:\/\/www.machalicka.eu\/index.php?rest_route=%2Fwp%2Fv2%2Fmedia&parent=482"}],"curies":[{"name":"wp","href":"https:\/\/api.w.org\/{rel}","templated":true}]}}